{"id":6342,"date":"2022-12-16T11:15:05","date_gmt":"2022-12-16T09:15:05","guid":{"rendered":"https:\/\/werkado.eu\/privacy-terms-and-policy\/"},"modified":"2025-07-14T11:36:39","modified_gmt":"2025-07-14T09:36:39","slug":"tietosuojaehdot-ja-kaytanto","status":"publish","type":"page","link":"https:\/\/werkado.eu\/fi\/tietosuojaehdot-ja-kaytanto\/","title":{"rendered":"Tietosuojaehdot ja -k\u00e4yt\u00e4nt\u00f6"},"content":{"rendered":"\n<div class=\"wp-block-columns is-layout-flex wp-container-core-columns-is-layout-9d6595d7 wp-block-columns-is-layout-flex\">\n<div class=\"wp-block-column is-layout-flow wp-block-column-is-layout-flow\">\n<p><strong>Ev\u00e4steiden k\u00e4ytt\u00f6- ja tietosuojaseloste<\/strong><\/p>\n\n\n\n<p>T\u00e4m\u00e4 ev\u00e4steiden k\u00e4ytt\u00f6- ja tietosuojaseloste (j\u00e4ljemp\u00e4n\u00e4 seloste) sis\u00e4lt\u00e4\u00e4 hy\u00f6dyllist\u00e4 tietoa siit\u00e4, miten ja miksi Werkado O\u00dc ker\u00e4\u00e4, k\u00e4sittelee ja jakaa henkil\u00f6tietoja (tietoja). Tietosuojaseloste perustuu Euroopan unionin yleiseen tietosuoja-asetukseen (GDPR) ja Viron tasavallan lains\u00e4\u00e4d\u00e4nt\u00f6\u00f6n.<\/p>\n\n\n\n<p>T\u00e4m\u00e4n tietosuojaselosteen tarkoitus on suojata asiakkaiden yksityisyytt\u00e4 Viron tasavallan lakien ja Euroopan unionin s\u00e4\u00e4d\u00f6sten mukaisesti.<\/p>\n\n\n\n<p>Henkil\u00f6tiedot tarkoittavat mit\u00e4 tahansa tunnistetusta tai tunnistettavissa olevasta luonnollisesta henkil\u00f6st\u00e4 olevaa tietoa, kuten nimi, osoite, s\u00e4hk\u00f6postiosoite sek\u00e4 tiedot verkkosivustollamme vierailusta, sosiaalisen median kanavista ja palvelujen k\u00e4yt\u00f6st\u00e4.<\/p>\n\n\n\n<p>K\u00e4ytt\u00e4m\u00e4ll\u00e4 verkkosivustoamme hyv\u00e4ksyt ev\u00e4steiden k\u00e4yt\u00f6n sek\u00e4 henkil\u00f6tietojen k\u00e4sittelyn ehdot, jotka on kuvattu ev\u00e4steiden k\u00e4ytt\u00f6\u00e4 ja tietosuojaa koskevassa k\u00e4yt\u00e4nn\u00f6ss\u00e4mme.<\/p>\n\n\n\n<p>Voimassa alkaen 1.2.2023<\/p>\n\n\n\n<p><strong>Kenen tietoja Werkado O\u00dc k\u00e4sittelee?<\/strong><\/p>\n\n\n\n<p>Werkado O\u00dc toimii henkil\u00f6tietojen rekisterinpit\u00e4j\u00e4n\u00e4. Kysymyksiss\u00e4 ota yhteytt\u00e4 osoitteeseen info@werkado.eu.<\/p>\n\n\n\n<p>Werkado O\u00dc k\u00e4sittelee tietoja asiakkaistaan ja yhteyshenkil\u00f6ist\u00e4\u00e4n, jotka ovat ilmaisseet kiinnostuksensa palvelujamme kohtaan tai ovat k\u00e4ytt\u00e4neet niit\u00e4 aiemmin.<\/p>\n\n\n\n<p>Tietyiss\u00e4 tapauksissa k\u00e4sittelemme my\u00f6s julkisista l\u00e4hteist\u00e4 saatavia henkil\u00f6tietoja.<\/p>\n\n\n\n<p><strong>Henkil\u00f6tietojen k\u00e4sittelyn tarkoitukset ja oikeusperuste<\/strong><\/p>\n\n\n\n<p>K\u00e4sittelemme vapaaehtoisten k\u00e4ytt\u00e4jien sek\u00e4 markkinointikanavien k\u00e4ytt\u00e4jien ja asiakkaiden (mukaan lukien heid\u00e4n edustajansa) henkil\u00f6tietoja sopimusehtojen t\u00e4ytt\u00e4miseksi sek\u00e4 tarjotaksemme potentiaalisille asiakkaille laadukkaampia palveluita ja tietoa.<\/p>\n\n\n\n<p>Werkado O\u00dc:ll\u00e4 on oikeus k\u00e4sitell\u00e4 tietoja n\u00e4ihin tarkoituksiin, koska meill\u00e4 on oikeutettu etu palvelujemme asianmukaisena ja korkealaatuisena tarjoamisena.<\/p>\n\n\n\n<p>Werkado O\u00dc:n markkinointikanavilta (esim. verkkosivusto) ker\u00e4\u00e4mme tietoja k\u00e4yt\u00f6st\u00e4 ja potentiaalisten asiakkaiden kiinnostuksen kohteista, jotta ymm\u00e4rr\u00e4mme paremmin asiakkaidemme tarpeita, tarjoamme parempaa tietoa ja parannamme sivuston toiminnallisuutta ja k\u00e4ytett\u00e4vyytt\u00e4. Oikeusperusteena on j\u00e4lleen oikeutettu etu.<\/p>\n\n\n\n<p>Esimerkiksi k\u00e4sittelemme tietoa asiakkaiden ostok\u00e4ytt\u00e4ytymisest\u00e4, uutiskirjeiden avaamisesta ja mainosten klikkauksista, jotta voimme tarjota asiakkaille mielekk\u00e4impi\u00e4 tarjouksia ja sis\u00e4lt\u00f6\u00e4.<\/p>\n\n\n\n<p>Werkado O\u00dc k\u00e4sittelee henkil\u00f6tietoja seuraaviin tarkoituksiin:<\/p>\n\n\n\n<ul class=\"wp-block-list\">\n<li>Werkado O\u00dc:n asiakasrekisterin luominen ja yll\u00e4pito<\/li>\n\n\n\n<li>Uusien palveluiden tarjoaminen asiakkaalle<\/li>\n\n\n\n<li>Palveluiden analysointi ja parantaminen<\/li>\n\n\n\n<li>Verkkosivuston hallinta<\/li>\n\n\n\n<li>Lains\u00e4\u00e4d\u00e4nn\u00f6n vaatimusten t\u00e4ytt\u00e4minen<\/li>\n\n\n\n<li>Asiakaspyynt\u00f6ihin vastaaminen<\/li>\n\n\n\n<li>K\u00e4ytt\u00f6oikeustodistusten ja sertifikaattien my\u00f6nt\u00e4minen<\/li>\n<\/ul>\n\n\n\n<p><strong>Tietojen ker\u00e4\u00e4minen<\/strong><\/p>\n\n\n\n<p>Yleens\u00e4 ker\u00e4\u00e4mme henkil\u00f6tietoja suoraan rekister\u00f6idyilt\u00e4 henkil\u00f6ilt\u00e4 heid\u00e4n suostumuksellaan. Lis\u00e4ksi k\u00e4yt\u00e4mme automaattisia tietojenkeruuty\u00f6kaluja, kuten ev\u00e4steit\u00e4 ja muita seurantaty\u00f6kaluja, optimoidaksemme verkkosivuston k\u00e4ytt\u00e4j\u00e4kokemusta ja tarjotaksemme parempia palveluita.<\/p>\n\n\n\n<p><strong>Ev\u00e4steet ja pikselitagit sek\u00e4 niiden poisto<\/strong><\/p>\n\n\n\n<p>Ev\u00e4ste on pieni tekstimuotoinen tiedosto, jonka verkkopalvelin l\u00e4hett\u00e4\u00e4 k\u00e4ytt\u00e4j\u00e4n selaimeen ja joka tallennetaan k\u00e4ytt\u00e4j\u00e4n laitteelle. Ev\u00e4ste mahdollistaa k\u00e4ytt\u00e4j\u00e4n asetusten, kuten fonttikoon, k\u00e4ytt\u00f6liittym\u00e4kielen, laitetietojen ja k\u00e4vij\u00e4tilastojen muistamisen.<\/p>\n\n\n\n<p>Selaimet hyv\u00e4ksyv\u00e4t ev\u00e4steet oletuksena, mutta asetuksia voi muuttaa est\u00e4m\u00e4\u00e4n tai my\u00f6nt\u00e4m\u00e4\u00e4n ev\u00e4steet tai ilmoittamaan jokaisesta ev\u00e4steest\u00e4.<\/p>\n\n\n\n<p>Pikselitagit ovat pieni\u00e4 verkkosivukoodin osia, jotka voivat lukea ja asettaa ev\u00e4steit\u00e4. Ne aktivoituvat, kun k\u00e4ytt\u00e4j\u00e4 avaa s\u00e4hk\u00f6postin tai saapuu sivustolle.<\/p>\n\n\n\n<p>Werkado O\u00dc k\u00e4ytt\u00e4\u00e4 seuraavia ev\u00e4steit\u00e4:<\/p>\n\n\n\n<ul class=\"wp-block-list\">\n<li><strong>Istuntoev\u00e4steet<\/strong> (v\u00e4liaikaisia), joiden tarkoitus on mahdollistaa palvelun k\u00e4ytt\u00f6<\/li>\n\n\n\n<li><strong>Pysyv\u00e4t ev\u00e4steet<\/strong>, jotka s\u00e4ilyv\u00e4t selaimen sulkemisen j\u00e4lkeen ja muistavat k\u00e4ytt\u00e4j\u00e4n valinnat<\/li>\n<\/ul>\n\n\n\n<p>Tarkemmin k\u00e4sitelt\u00e4v\u00e4t ev\u00e4steet:<\/p>\n\n\n\n<ul class=\"wp-block-list\">\n<li><strong>Analytiikkaev\u00e4steet<\/strong> ker\u00e4\u00e4v\u00e4t tietoa sivuston k\u00e4yt\u00f6st\u00e4 (esim. vierailtavat sivut). N\u00e4it\u00e4 ovat mm. Google Analytics ja Hotjar.<\/li>\n\n\n\n<li><strong>Mainosev\u00e4steet<\/strong> kohdentavat mainontaa k\u00e4ytt\u00e4j\u00e4n kiinnostuksen mukaan. Werkado-sivustolla on Facebook Pixel, jonka voi poistaa Facebookin mainosasetuksista (kohta \u201cAdvertisers I have interacted with\u201d).<\/li>\n\n\n\n<li><strong>Kolmannen osapuolen ev\u00e4steet<\/strong>, kuten YouTube ja Google Maps \u2013 kartta ja videot n\u00e4kyv\u00e4t vasta, kun k\u00e4ytt\u00e4j\u00e4 on hyv\u00e4ksynyt, ja niit\u00e4 hallitaan Avada Designin privacy embeds -ev\u00e4steell\u00e4.<\/li>\n<\/ul>\n\n\n\n<p>K\u00e4ytt\u00e4j\u00e4ll\u00e4 on oikeus est\u00e4\u00e4 ev\u00e4steiden tallennus muuttamalla oman selaimen asetuksia.<\/p>\n\n\n\n<p>Ohjeet yleisimmille selaimille:<\/p>\n\n\n\n<ul class=\"wp-block-list\">\n<li>Internet Explorer<\/li>\n\n\n\n<li>Chrome<\/li>\n\n\n\n<li>Firefox<\/li>\n\n\n\n<li>Opera<\/li>\n\n\n\n<li>Safari<\/li>\n<\/ul>\n\n\n\n<p>Ev\u00e4steiden esto saattaa johtaa siihen, ett\u00e4 kaikki verkkosivuston toiminnot eiv\u00e4t ole k\u00e4ytett\u00e4viss\u00e4.<\/p>\n\n\n\n<p><strong>K\u00e4sitelt\u00e4v\u00e4t henkil\u00f6tiedot<\/strong><\/p>\n\n\n\n<p>Werkado O\u00dc saattaa k\u00e4sitell\u00e4 seuraavia tietotyyppej\u00e4:<\/p>\n\n\n\n<ul class=\"wp-block-list\">\n<li>Yhteystiedot: nimi, s\u00e4hk\u00f6posti, puhelinnumero<\/li>\n\n\n\n<li>Sopimuksen aikana ker\u00e4tyt tiedot: henkil\u00f6tunnus, mieltymykset, palaute, tiedot ty\u00f6st\u00e4, liiketoiminnasta tai opiskeluista<\/li>\n\n\n\n<li>Automaattisesti ker\u00e4tyt tiedot: selain- ja laitetiedot, kieli, saapumissivu, selaillut osiot, IP-osoite jne.<\/li>\n\n\n\n<li>S\u00e4hk\u00f6postien k\u00e4ytt\u00f6\u00e4 koskevat tiedot: mit\u00e4 s\u00e4hk\u00f6postia on avattu ja milloin<\/li>\n\n\n\n<li>Julkisesti saatavilla olevat tiedot: esim. LinkedIn, Facebook, Instagram<\/li>\n<\/ul>\n\n\n\n<p>Werkado O\u00dc ei k\u00e4sittele erityisi\u00e4 henkil\u00f6tietoryhmi\u00e4 (kuten terveys- tai rotutietoja).<\/p>\n\n\n\n<p><strong>Tietojen jakaminen<\/strong><\/p>\n\n\n\n<p>Werkado O\u00dc ei siirr\u00e4 henkil\u00f6tietoja Euroopan talousalueen ulkopuolelle. Asiakkaan tietoja ei luovuteta kolmansille osapuolille, paitsi alla mainituissa rajoitetuissa tapauksissa viestint\u00e4\u00e4 ja palveluiden tarjoamista varten.<\/p>\n\n\n\n<p>Tietoja voidaan jakaa:<\/p>\n\n\n\n<ul class=\"wp-block-list\">\n<li>Postitse l\u00e4hetett\u00e4v\u00e4 koulutusmateriaali: postin jakelijat ja v\u00e4litt\u00e4j\u00e4t<\/li>\n\n\n\n<li>Perint\u00e4: perint\u00e4toimistot ja maksuh\u00e4iri\u00f6rekisterit<\/li>\n\n\n\n<li>Viranomaiset: valvontaviranomaiset ja poliisi<\/li>\n\n\n\n<li>Ty\u00f6tt\u00f6myyskassojen koulutuskonsultit<\/li>\n\n\n\n<li>Julkinen palaute asiakkaan suostumuksella<\/li>\n<\/ul>\n\n\n\n<p><strong>Tietoturva ja tallennus<\/strong><\/p>\n\n\n\n<p>Werkado O\u00dc voi l\u00e4hett\u00e4\u00e4 tietoja palveluistaan, tuotteistaan, uutiskirjeist\u00e4\u00e4n ja tarjouksistaan, ellei asiakas ole kielt\u00e4nyt tiedon l\u00e4hett\u00e4mist\u00e4 tai poistunut vastaanottajalistalta.<\/p>\n\n\n\n<p><strong>6.1 Tietoturva<\/strong><\/p>\n\n\n\n<p>Tietojen suojaaminen on Werkado O\u00dc:n korkein prioriteetti. K\u00e4yt\u00e4mme teknisi\u00e4, organisatorisia ja fyysisi\u00e4 turvatoimia est\u00e4\u00e4ksemme luvattoman k\u00e4sittelyn ja varmistaaksemme tietojen eheyden ja luottamuksellisuuden.<\/p>\n\n\n\n<p><strong>6.2 S\u00e4ilytysaika<\/strong><\/p>\n\n\n\n<p>Tietoja s\u00e4ilytet\u00e4\u00e4n vain niin kauan kuin on tarpeen. Tietojen s\u00e4ilytykseen voi vaikuttaa my\u00f6s lakis\u00e4\u00e4teisten vaatimusten t\u00e4ytt\u00e4minen. Kun tietoja ei en\u00e4\u00e4 tarvita, ja lakien mukainen s\u00e4ilytysaika on p\u00e4\u00e4ttynyt, ne poistetaan. Tilastollisiin tarkoituksiin saatamme s\u00e4ilytt\u00e4\u00e4 tiedot pseudonymisoituina tai anonymisoituina.<\/p>\n\n\n\n<p><strong>Asiakkaan oikeudet<\/strong><\/p>\n\n\n\n<ul class=\"wp-block-list\">\n<li>Asiakkaalla on oikeus:<\/li>\n\n\n\n<li>Saada p\u00e4\u00e4sy omiin tietoihinsa ja korjata virheelliset tiedot<\/li>\n\n\n\n<li>Saada tiedot poistetuiksi, kun tietyt ehdot t\u00e4yttyv\u00e4t<\/li>\n\n\n\n<li>Rajoittaa k\u00e4sittely\u00e4 tietyin edellytyksin<\/li>\n\n\n\n<li>Siirt\u00e4\u00e4 tiedot toiselle rekisterinpit\u00e4j\u00e4lle, jos sopimukseen tai suostumukseen perustuva ja automatisoitu<\/li>\n\n\n\n<li>Vastustaa k\u00e4sittely\u00e4, mukaan lukien profilointi<\/li>\n\n\n\n<li>Kielt\u00e4yty\u00e4 ainoastaan automaattiseen p\u00e4\u00e4t\u00f6ksentekoon perustuvasta p\u00e4\u00e4t\u00f6ksenteosta<\/li>\n\n\n\n<li>Peruuttaa suostumus milloin tahansa ilman, ett\u00e4 se vaikuttaa aiemman k\u00e4sittelyn laillisuuteen<\/li>\n<\/ul>\n\n\n\n<p>Ota yhteytt\u00e4 info@werkado.eu oikeuksiesi toteuttamiseksi.<\/p>\n\n\n\n<p>Mik\u00e4li et ole tyytyv\u00e4inen ratkaisuihin, voit valittaa Viron tietosuojavaltuutetulle (Andmekaitse Inspektsioon) tai tuomioistuimelle.<\/p>\n\n\n\n<p><strong>Muut m\u00e4\u00e4r\u00e4ykset<\/strong><\/p>\n\n\n\n<p>Werkado O\u00dc pid\u00e4tt\u00e4\u00e4 oikeuden muuttaa ev\u00e4steiden k\u00e4ytt\u00f6\u00e4 ja tietosuojaa koskevia ehtoja yksipuolisesti. Aina viimeisin versio on saatavilla t\u00e4ll\u00e4 verkkosivustolla.<\/p>\n\n\n\n<p>Sovellettava laki on Viron tasavallan laki. Mahdolliset riidat ratkaistaan Harjun maakunnan k\u00e4r\u00e4j\u00e4oikeudessa.<\/p>\n<\/div>\n<\/div>\n","protected":false},"excerpt":{"rendered":"<p>Ev\u00e4steiden k\u00e4ytt\u00f6- ja tietosuojaseloste T\u00e4m\u00e4 ev\u00e4steiden k\u00e4ytt\u00f6- ja tietosuojaseloste (j\u00e4ljemp\u00e4n\u00e4 seloste) sis\u00e4lt\u00e4\u00e4 hy\u00f6dyllist\u00e4 tietoa siit\u00e4, miten ja miksi Werkado O\u00dc ker\u00e4\u00e4, k\u00e4sittelee ja jakaa henkil\u00f6tietoja (tietoja). Tietosuojaseloste perustuu Euroopan unionin yleiseen tietosuoja-asetukseen (GDPR) ja Viron tasavallan lains\u00e4\u00e4d\u00e4nt\u00f6\u00f6n. T\u00e4m\u00e4n tietosuojaselosteen tarkoitus on suojata asiakkaiden yksityisyytt\u00e4 Viron tasavallan lakien ja Euroopan unionin s\u00e4\u00e4d\u00f6sten mukaisesti. Henkil\u00f6tiedot tarkoittavat mit\u00e4 [&hellip;]<\/p>\n","protected":false},"author":4,"featured_media":0,"parent":0,"menu_order":0,"comment_status":"closed","ping_status":"closed","template":"","meta":{"_acf_changed":false,"footnotes":""},"class_list":["post-6342","page","type-page","status-publish","hentry"],"acf":[],"_links":{"self":[{"href":"https:\/\/werkado.eu\/fi\/wp-json\/wp\/v2\/pages\/6342","targetHints":{"allow":["GET"]}}],"collection":[{"href":"https:\/\/werkado.eu\/fi\/wp-json\/wp\/v2\/pages"}],"about":[{"href":"https:\/\/werkado.eu\/fi\/wp-json\/wp\/v2\/types\/page"}],"author":[{"embeddable":true,"href":"https:\/\/werkado.eu\/fi\/wp-json\/wp\/v2\/users\/4"}],"replies":[{"embeddable":true,"href":"https:\/\/werkado.eu\/fi\/wp-json\/wp\/v2\/comments?post=6342"}],"version-history":[{"count":1,"href":"https:\/\/werkado.eu\/fi\/wp-json\/wp\/v2\/pages\/6342\/revisions"}],"predecessor-version":[{"id":6343,"href":"https:\/\/werkado.eu\/fi\/wp-json\/wp\/v2\/pages\/6342\/revisions\/6343"}],"wp:attachment":[{"href":"https:\/\/werkado.eu\/fi\/wp-json\/wp\/v2\/media?parent=6342"}],"curies":[{"name":"wp","href":"https:\/\/api.w.org\/{rel}","templated":true}]}}