{"id":2651,"date":"2022-12-16T11:15:05","date_gmt":"2022-12-16T09:15:05","guid":{"rendered":"https:\/\/werkado.eu\/?page_id=2651"},"modified":"2024-12-11T13:16:57","modified_gmt":"2024-12-11T11:16:57","slug":"privatumo-politika","status":"publish","type":"page","link":"https:\/\/werkado.eu\/lt\/privatumo-politika\/","title":{"rendered":"Privatumo politika"},"content":{"rendered":"\n<div class=\"wp-block-columns is-layout-flex wp-container-core-columns-is-layout-9d6595d7 wp-block-columns-is-layout-flex\">\n<div class=\"wp-block-column is-layout-flow wp-block-column-is-layout-flow\">\n<p><strong>Slapuk\u0173 naudojimas ir privatumo politika<\/strong><\/p>\n\n\n\n<p>\u0160iame dokumente apie slapuk\u0173 naudojim\u0105 ir privatumo politik\u0105 (toliau \u2013 dokumentas) pateikiama informacija apie tai, kaip ir kod\u0117l Werkado O\u00dc renka, naudoja ir dalijasi asmens duomenimis (duomenimis). Privatumo politika paremta Bendruoju duomen\u0173 apsaugos reglamentu (BDAR).<\/p>\n\n\n\n<p>Privatumo politikos tikslas \u2013 apsaugoti klient\u0173 privatum\u0105 atsi\u017evelgiant \u012f Estijos Respublikos \u012fstatymus ir Europos S\u0105jungos teis\u0117s aktus.<\/p>\n\n\n\n<p>Asmens duomenys \u2013 tai bet kokia informacija apie fizin\u012f asmen\u012f, kurio tapatyb\u0117 yra arba gali b\u016bti nustatyta, pvz., vardas, pavard\u0117, adresas, el. pa\u0161to adresas, informacija apie apsilankymus m\u016bs\u0173 svetain\u0117je ir socialin\u0117s \u017einiasklaidos kanaluose, informacija apie naudojim\u0105si m\u016bs\u0173 paslaugomis.<\/p>\n\n\n\n<p><strong>Naudodamiesi m\u016bs\u0173 svetaine sutinkate su slapuk\u0173 ir asmens duomen\u0173 tvarkymo s\u0105lygomis, kaip apra\u0161yta m\u016bs\u0173 slapuk\u0173 naudojimo ir privatumo politikoje.<\/strong><\/p>\n\n\n\n<p>Galioja nuo 2023-02-01<\/p>\n\n\n\n<ol class=\"wp-block-list\">\n<li>Kokius duomenis tvarko Werkado O\u00dc?<\/li>\n<\/ol>\n\n\n\n<p>Asmens duomen\u0173 valdytojas yra Werkado O\u00dc, kilus klausimams kreipkit\u0117s el. pa\u0161to adresu <a href=\"mailto:info@werkado.eu\">info@werkado.eu<\/a>.<\/p>\n\n\n\n<p>Werkado O\u00dc tvarko savo klient\u0173 ir kontaktini\u0173 asmen\u0173, parei\u0161kusi\u0173 nor\u0105 naudotis m\u016bs\u0173 paslaugomis arba anks\u010diau naudojusi\u0173 m\u016bs\u0173 paslaugas, duomenis.<\/p>\n\n\n\n<p>Tam tikrais atvejais tvarkomi i\u0161 vie\u0161\u0173j\u0173 \u0161altini\u0173 gaunami asmens duomenys.<\/p>\n\n\n\n<ol start=\"2\" class=\"wp-block-list\">\n<li>Kliento asmens duomen\u0173 (duomen\u0173) tvarkymo tikslai ir teisinis pagrindas.<\/li>\n<\/ol>\n\n\n\n<p>Tvarkome m\u016bs\u0173 rinkodaros kanal\u0173 ir paslaug\u0173 naudotoj\u0173 bei klient\u0173 (\u012fskaitant j\u0173 atstovus) asmens duomenis, siekdami vykdyti sutartinius \u012fsipareigojimus ir potencialiems klientams teikti kokybi\u0161kesnes paslaugas ir informacij\u0105.<\/p>\n\n\n\n<p>Jei Werkado O\u00dc tvarko asmens duomenis \u0161iais tikslais, tvarkymo teisinis pagrindas yra m\u016bs\u0173 teis\u0117tas interesas u\u017etikrinti tinkam\u0173 ir kokybi\u0161k\u0173 paslaug\u0173 teikim\u0105.<\/p>\n\n\n\n<p>I\u0161 Werkado O\u00dc rinkodaros kanal\u0173 (\u012fskaitant svetain\u0119) renkame duomenis apie j\u0173 naudojim\u0105 ir potenciali\u0173 klient\u0173 interesus, siekdami geriau suprasti tikruosius savo klient\u0173 poreikius, si\u016blyti kokybi\u0161kesn\u0119 informacij\u0105 ir gerinti svetain\u0117s veikim\u0105 ir patogum\u0105 naudotojui.<\/p>\n\n\n\n<p>\u0160iuo atveju teisinis duomen\u0173 tvarkymo pagrindas yra m\u016bs\u0173 teis\u0117tas interesas geriau suprasti klient\u0173 poreikius ir teikti geresnes paslaugas.<\/p>\n\n\n\n<p>Pavyzd\u017eiui, siekdama klientams teikti j\u0173 poreikius atitinkan\u010dius pasi\u016blymus ir turin\u012f, Werkado O\u00dc tvarko duomenis apie perkan\u010di\u0173 klient\u0173 elgsen\u0105, naujienlai\u0161ki\u0173 skaitym\u0105 ir per\u017ei\u016br\u0105, skelbim\u0173 per\u017ei\u016br\u0105.<\/p>\n\n\n\n<p><strong>Werkado O\u00dc asmens duomen\u0173 tvarkymo tikslai:<\/strong><\/p>\n\n\n\n<ul class=\"wp-block-list\">\n<li>Werkado O\u00dc klient\u0173 baz\u0117s k\u016brimas ir valdymas<\/li>\n\n\n\n<li>Nauj\u0173 paslaug\u0173 si\u016blymas klientams<\/li>\n\n\n\n<li>Werkado O\u00dc paslaug\u0173 analiz\u0117 ir tobulinimas<\/li>\n\n\n\n<li>Tinklalapio valdymas<\/li>\n\n\n\n<li>Teis\u0117s aktuose nustatyt\u0173 reikalavim\u0173 vykdymas<\/li>\n\n\n\n<li>Atsakymai \u012f klient\u0173 u\u017eklausas<\/li>\n\n\n\n<li>\u012egaliojim\u0173 ir sertifikat\u0173 i\u0161davimas<\/li>\n<\/ul>\n\n\n\n<ol start=\"3\" class=\"wp-block-list\">\n<li>Kaip renkami duomenys<\/li>\n<\/ol>\n\n\n\n<p>Paprastai asmens duomenis renkame tiesiogiai i\u0161 duomen\u0173 subjekt\u0173 ir gav\u0119 j\u0173 sutikim\u0105. Be to, naudojame automatinius duomen\u0173 rinkimo \u012frankius, \u012fskaitant slapukus ir kitus steb\u0117jimo \u012frankius, siekdami optimizuoti svetain\u0117s naudotoj\u0173 patirt\u012f ir teikti geresnes paslaugas savo klientams.<\/p>\n\n\n\n<p><strong>Slapukai ir pikseli\u0173 \u017eymos, kaip j\u0173 atsikratyti<\/strong><\/p>\n\n\n\n<p>Slapukas yra ma\u017eas tekstinis failas, kur\u012f \u017einiatinklio serveris atsiun\u010dia \u012f naudotojo \u017einiatinklio nar\u0161ykl\u0119 ir i\u0161saugo naudotojo kompiuterio stand\u017eiajame diske. Slapukai leid\u017eia fiksuoti ir \u012fsiminti tam tikrus naudotojo pasirinkimus, pavyzd\u017eiui, \u0161rifto dyd\u012f, kalbos nustatymus, \u012frenginio informacij\u0105, apsilankym\u0173 statistik\u0105 ir kt.<\/p>\n\n\n\n<p>Pagal numatytus nustatymus visos interneto nar\u0161ykl\u0117s nustatytos taip, kad slapukai b\u016bt\u0173 leid\u017eiami, ta\u010diau \u0161iuos nustatymus paprastai galima pakeisti, kad interneto nar\u0161ykl\u0117 visi\u0161kai atsisakyt\u0173 slapuk\u0173, blokuot\u0173 tre\u010di\u0173j\u0173 \u0161ali\u0173 slapukus arba informuot\u0173 naudotoj\u0105 apie kiekvien\u0105 siun\u010diam\u0105 slapuk\u0105.<\/p>\n\n\n\n<p>Pikseli\u0173 \u017eymos yra nedidel\u0117s svetain\u0117s kodo dalys, leid\u017eian\u010dios tinklalapiams nuskaityti ir naudoti slapukus. Jos suveikia, kai naudotojas atidaro el. lai\u0161k\u0105 ar svetain\u0119. Po to atsisiun\u010diami tre\u010di\u0173j\u0173 \u0161ali\u0173 slapukai arba fiksuojama, kad naudotojas atidar\u0117 el. lai\u0161k\u0105.<\/p>\n\n\n\n<p>Werkado O\u00dc naudojami slapukai:<\/p>\n\n\n\n<ul class=\"wp-block-list\">\n<li>Seanso (arba laikinieji) slapukai reikalingi tam, kad b\u016bt\u0173 galima naudotis paslauga.<\/li>\n\n\n\n<li>Nuolatiniai slapukai (i\u0161saugomi naudotojo kompiuteryje u\u017edarius interneto nar\u0161ykl\u0119) leid\u017eia \u012fsiminti kliento nustatymus Werkado O\u00dc tinklalapiuose.<\/li>\n<\/ul>\n\n\n\n<p>Tiksliau, Werkado O\u00dc naudoja \u0161iuos slapukus:<\/p>\n\n\n\n<ul class=\"wp-block-list\">\n<li>Analitiniai slapukai renka informacij\u0105 apie tai, kaip naudojama svetain\u0117. Pavyzd\u017eiui, kokio turinio puslapiuose lankomasi da\u017eniausiai arba ko lankytojai ie\u0161ko svetain\u0117je ir pan. \u0160ie slapukai nerenka informacijos, kuri leist\u0173 tiesiogiai identifikuoti svetain\u0117s naudotoj\u0105. Tai tokie slapukai, kaip Google Analytics ir Hotjar.<\/li>\n\n\n\n<li>Reklaminiai slapukai padeda rodyti reklam\u0105, atitinkan\u010di\u0105 naudotojo interesus. Pavyzd\u017eiui, werkado.eu puslapyje \u012fjungtas Facebook Pixel kodas. Jei Facebook socialiniame tinkle nebenorite matyti Werkado (Werkado O\u00dc) svetain\u0117s reklamos, galite j\u0105 i\u0161jungti pa\u0161alindami Werkado i\u0161 reklamuotoj\u0173 s\u0105ra\u0161o <a href=\"https:\/\/www.facebook.com\/ads\/preferences\">https:\/\/www.facebook.com\/ads\/preferences<\/a>.<\/li>\n\n\n\n<li>Tre\u010di\u0173j\u0173 \u0161ali\u0173 slapukai, pvz. Youtube ir Google Maps. \u017dem\u0117lapiai ir vaizdo \u012fra\u0161ai nebus rodomi, nebent sutiksite su privatumo s\u0105lygomis. Kad tai b\u016bt\u0173 techni\u0161kai \u012fmanoma, naudojame Avada design sukurt\u0105 slapuk\u0105.<\/li>\n<\/ul>\n\n\n\n<p>Naudotojas turi teis\u0119 atsisakyti \u012fra\u0161yti slapukus jo kompiuteryje. Tokiu atveju naudotojas turi pakeisti savo interneto nar\u0161ykl\u0117s nustatymus.<\/p>\n\n\n\n<p>Instrukcijos, kaip pakeisti da\u017eniausiai naudojam\u0173 \u017einiatinklio nar\u0161ykli\u0173 nustatymus:<\/p>\n\n\n\n<p><strong>Internet Explorer<\/strong>:&nbsp;<a href=\"http:\/\/support.microsoft.com\/kb\/278835\">http:\/\/support.microsoft.com\/kb\/278835<\/a><\/p>\n\n\n\n<p><strong>Chrome:<\/strong>&nbsp;<a href=\"https:\/\/support.google.com\/chrome\/answer\/95647?hl=en\">https:\/\/support.google.com\/chrome\/answer\/95647?hl=en<\/a><\/p>\n\n\n\n<p><strong>Firefox<\/strong>:&nbsp;<a href=\"http:\/\/support.mozilla.org\/en-US\/kb\/Clear%20Recent%20History\">http:\/\/support.mozilla.org\/en-US\/kb\/Clear%20Recent%20History<\/a><\/p>\n\n\n\n<p><strong>Opera<\/strong>:&nbsp;<a href=\"https:\/\/www.opera.com\/help\/tutorials\/security\/privacy\/\">http:\/\/www.opera.com\/browser\/tutorials\/security\/privacy<\/a><\/p>\n\n\n\n<p><strong>Safari<\/strong>:&nbsp;<a href=\"https:\/\/support.apple.com\/guide\/safari\/manage-cookies-and-website-data-sfri11471\/mac\">https:\/\/support.apple.com\/guide\/safari\/manage-cookies-and-website-data-sfri11471\/mac<\/a><\/p>\n\n\n\n<p>Blokuodamas slapukus naudotojas turi atsi\u017evelgti \u012f tai, kad jam gali b\u016bti prieinamos ne visos svetain\u0117s funkcijos.<\/p>\n\n\n\n<ol start=\"4\" class=\"wp-block-list\">\n<li>Werkado O\u00dc tvarkomi asmens duomenys (duomenys)<\/li>\n<\/ol>\n\n\n\n<p><strong>Werkado O\u00dc gali tvarkyti \u0161iuos asmens duomenis (duomenis):<\/strong><\/p>\n\n\n\n<p><strong>Kontaktiniai duomenys<\/strong> \u2013 vardas, pavard\u0117, elektroninio pa\u0161to adresas ir telefono numeris.<\/p>\n\n\n\n<p><strong>Sutarties vykdymo metu renkami ir generuojami duomenys<\/strong> \u2013 asmens kodas, klient\u0173 pageidavimai apie Werkado O\u00dc paslaugas ir produktus, atsiliepimai apie teikiamas paslaugas, informacija apie kliento darb\u0105, verslo procesus ar mokymosi \u012fpro\u010dius ir pageidavimus.<\/p>\n\n\n\n<p><strong>Automati\u0161kai renkami duomenys<\/strong> \u2013 duomenys, gauti i\u0161 naudotojo interneto nar\u0161ykl\u0117s, \u012fskaitant jos tip\u0105, \u012frenginio tip\u0105, kalbos nustatymus, svetain\u0117s adres\u0105, i\u0161 kurio naudotojas apsilanko, nar\u0161yt\u0105 turin\u012f, naudotojo IP adres\u0105 ir kitus srauto duomenis.<\/p>\n\n\n\n<p><strong>Naudotojo veiksmai, susij\u0119 su Werkado O\u00dc el. lai\u0161kais<\/strong>, \u012fskaitant duomenis apie tai, kokius el. lai\u0161kus, kada ir kaip naudotojas atidar\u0117.<\/p>\n\n\n\n<p><strong>Kiti asmens duomenys<\/strong> \u2013 vie\u0161ai naudotojo atskleisti arba tre\u010di\u0173j\u0173 \u0161ali\u0173 socialiniuose tinkluose, pavyzd\u017eiui, LinkedIn, Facebook, Google Plus, Instagram ir kt., mums prieinami duomenys.<\/p>\n\n\n\n<p>Werkado O\u00dc, kaip duomen\u0173 valdytojas, netvarko speciali\u0173 asmens duomen\u0173.<\/p>\n\n\n\n<ol start=\"5\" class=\"wp-block-list\">\n<li>Dalijimasis asmens duomenimis<\/li>\n<\/ol>\n\n\n\n<p>Werkado O\u00dc neperduoda klient\u0173 duomen\u0173 u\u017e Europos (ES) ekonomin\u0117s erdv\u0117s rib\u0173.<\/p>\n\n\n\n<p>Werkado O\u00dc nesidalina kliento asmens duomenimis su tre\u010diosiomis \u0161alimis, i\u0161skyrus toliau i\u0161vardytomis s\u0105lygomis. Visi duomenys naudojami tik komunikacijai ir geresnio produkto ar paslaugos teikimo tikslais.<\/p>\n\n\n\n<p><strong>J\u016bs\u0173 asmens duomenimis galime dalytis \u0161iais atvejais:<\/strong><\/p>\n\n\n\n<ul class=\"wp-block-list\">\n<li>Mokomosios med\u017eiagos siuntimas pa\u0161tu \u2013 tarpininkaujantys ar pa\u0161to paslaugas teikiantys asmenys, \u012fstaigos ir organizacijos<\/li>\n\n\n\n<li>Skol\u0173 i\u0161ie\u0161kojimas \u2013 skol\u0173 i\u0161ie\u0161kojimo paslaug\u0173 teik\u0117jai, \u012fsipareigojim\u0173 nevykdymo registrai<\/li>\n\n\n\n<li>Valstybin\u0117s institucijos ir policija<\/li>\n\n\n\n<li>Estijos nedarbo draudimo fondo klient\u0173 duomenys \u2013 nedarbo draudimo fondo mokym\u0173 konsultantai<\/li>\n\n\n\n<li>Vie\u0161as kliento atsiliepimas jam sutinkant<\/li>\n<\/ul>\n\n\n\n<ol start=\"6\" class=\"wp-block-list\">\n<li>Asmens duomen\u0173 (duomen\u0173) apsauga, naudojimas ir saugojimas<\/li>\n<\/ol>\n\n\n\n<p>Klientui nurod\u017eius savo kontaktinius duomenis Werkado O\u00dc gali si\u0173sti informacij\u0105 apie savo paslaugas, produktus, naujienlai\u0161kius ir pasi\u016blymus, ta\u010diau tik iki tol, kol klientas nepareikalauja to nutraukti arba neatsisako naujienlai\u0161ki\u0173.<\/p>\n\n\n\n<ol class=\"wp-block-list\">\n<li><strong>Asmens duomen\u0173 apsauga<\/strong><\/li>\n<\/ol>\n\n\n\n<p>Asmens duomen\u0173 apsauga yra did\u017eiausias Werkado O\u00dc saugumo prioritetas. Dedame visas pastangas, kad i\u0161vengtume neteis\u0117tos prieigos, atskleidimo ir kito neteis\u0117to duomen\u0173 naudojimo. Saugome asmens duomen\u0173 konfidencialum\u0105 ir u\u017etikriname duomen\u0173 naudojim\u0105 pagal galiojan\u010dius teis\u0117s aktus.<\/p>\n\n\n\n<p>Naudojame priimtinas ir tinkamas organizacines priemones bei techninius ir fizinius apribojimus, kad apsaugotume renkamus ir tvarkomus asmens duomenis. Naudojamos priemon\u0117s priklauso nuo asmens duomen\u0173 tipo ir galim\u0173 j\u0173 atskleidimo pasekmi\u0173.<\/p>\n\n\n\n<p>Werkado O\u00dc naudoja b\u016btinas technines, fizines ir organizacines saugumo priemones, apsaugan\u010dias kliento asmens duomenis (duomenis) nuo praradimo ir neteis\u0117to panaudojimo.<\/p>\n\n\n\n<ol start=\"2\" class=\"wp-block-list\">\n<li><strong>Saugojimo laikotarpis \u2013 kiek laiko saugome asmens duomenis?<\/strong><\/li>\n<\/ol>\n\n\n\n<p>Werkado O\u00dc asmens duomenis saugo tik tiek, kiek tai b\u016btina \u0161i\u0173 duomen\u0173 rinkimo tikslams pasiekti. Saugojimo laikotarpis taip pat priklauso nuo poreikio atsakyti \u012f duomen\u0173 subjekt\u0173 pra\u0161ymus, spr\u0119sti problemas ir vykdyti teis\u0117s aktuose nustatytus dokument\u0173 saugojimo reikalavimus.<\/p>\n\n\n\n<p>Jei asmens duomen\u0173 mums nebereikia ir teis\u0117s aktai nereikalauja j\u0173 saugoti, \u0161iuos asmens duomenis pa\u0161aliname.<\/p>\n\n\n\n<p>Tokius duomenis pseudonimizuota arba anonimizuota forma galime ir toliau naudoti statistikos tikslais.<\/p>\n\n\n\n<p>Jei kyla bet koki\u0173 klausim\u0173, ra\u0161ykite el. pa\u0161to adresu <a href=\"mailto:info@werkado.eu\">info@werkado.eu<\/a>.<\/p>\n\n\n\n<ol start=\"7\" class=\"wp-block-list\">\n<li>Kliento (duomen\u0173 subjekto) teis\u0117s<\/li>\n<\/ol>\n\n\n\n<p>Klientas turi teis\u0119 susipa\u017einti su Werkado O\u00dc tvarkomais Kliento asmens duomenimis ir reikalauti pataisyti netikslius duomenis.<\/p>\n\n\n\n<p>Jei Klientas turi klausim\u0173 d\u0117l savo teisi\u0173 arba mano, kad tvarkydama asmens duomenis (duomenis) Werkado O\u00dc pa\u017eeid\u0117 jo teises, jis tur\u0117t\u0173 kreiptis el. pa\u0161to adresu <a href=\"mailto:info@werkado.eu\">info@werkado.eu<\/a>.<\/p>\n\n\n\n<p>Jei nenorite gauti rinkodaros prane\u0161im\u0173 i\u0161 Werkado O\u00dc, galite j\u0173 atsisakyti vadovaudamiesi instrukcijomis kiekvieno rinkodaros prane\u0161imo pabaigoje arba susisiek\u0119 su mumis svetain\u0117s kontakt\u0173 skiltyje.<\/p>\n\n\n\n<p>Duomen\u0173 subjekto teis\u0117s:<\/p>\n\n\n\n<p>Teis\u0117 taisyti duomenis \u2013 tai duomen\u0173 subjekto teis\u0117 reikalauti, kad neteisingi su juo susij\u0119 asmens duomenys b\u016bt\u0173 nedelsiant pataisyti.<\/p>\n\n\n\n<p>Teis\u0117 pa\u0161alinti duomenis \u2013 tai duomen\u0173 subjekto teis\u0117 reikalauti, kad jo asmens duomenys b\u016bt\u0173 nedelsiant i\u0161trinti, jei \u012fvykdomos tam tikros papildomos s\u0105lygos.<\/p>\n\n\n\n<p>Tam tikrais atvejais duomen\u0173 subjektas turi teis\u0119 apriboti savo asmens duomen\u0173 tvarkym\u0105.<\/p>\n\n\n\n<p>Duomen\u0173 subjektas turi teis\u0119 susipa\u017einti su m\u016bs\u0173 saugomais ir jo perduotais asmens duomenimis ir perduoti \u0161iuos duomenis kitam duomen\u0173 valdytojui, jei tai \u012fmanoma techni\u0161kai, automatizuotai ir gavus sutikim\u0105.<\/p>\n\n\n\n<p>Atsi\u017evelgdamas \u012f konkre\u010di\u0105 situacij\u0105 duomen\u0173 subjektas turi teis\u0119 bet kuriuo metu nesutikti, kad jo asmens duomenys b\u016bt\u0173 tvarkomi. Tai atliekama remiantis atitinkamomis teis\u0117s akt\u0173 nuostatomis, \u012fskaitant profilio analiz\u0119.<\/p>\n\n\n\n<p>Jeigu teis\u0117s aktai nenustato kitaip, duomen\u0173 subjektas turi teis\u0119 atsisakyti jo vardu priimamo sprendimo d\u0117l automatizuoto duomen\u0173 tvarkymo, \u012fskaitant profiliavim\u0105, kai tai gali tur\u0117ti teisini\u0173 pasekmi\u0173 duomen\u0173 subjektui arba daro jam reik\u0161ming\u0105 poveik\u012f.<\/p>\n\n\n\n<p>Jei asmens duomenys tvarkomi gavus duomen\u0173 subjekto sutikim\u0105, duomen\u0173 subjektas turi teis\u0119 bet kada at\u0161aukti \u0161\u012f sutikim\u0105, ta\u010diau tai netur\u0117s \u012ftakos iki \u0161io at\u0161aukimo vykdyto duomen\u0173 tvarkymo teis\u0117tumui.<\/p>\n\n\n\n<p>Jei norite pasinaudoti \u0161iomis teis\u0117mis, susisiekite su mumis.<\/p>\n\n\n\n<p>Jei Werkado O\u00dc pasi\u016blytas sprendimas j\u016bs\u0173 netenkina, turite teis\u0119 kreiptis \u012f Estijos Respublikos duomen\u0173 apsaugos inspekcij\u0105 ir teism\u0105.<\/p>\n\n\n\n<ol start=\"8\" class=\"wp-block-list\">\n<li>Kitos nuostatos<\/li>\n<\/ol>\n\n\n\n<p>Werkado O\u00dc pasilieka teis\u0119 viena\u0161ali\u0161kai keisti slapuk\u0173 naudojimo ir privatumo politik\u0105. Naujausia slapuk\u0173 naudojimo ir privatumo politikos versija visada pasiekiama \u0161ioje svetain\u0117je.<\/p>\n\n\n\n<p>D\u0117l \u0161ios politikos kylantys gin\u010dai ar nesutarimai sprend\u017eiami Harju apygardos teisme.<\/p>\n<\/div>\n<\/div>\n","protected":false},"excerpt":{"rendered":"<p>Slapuk\u0173 naudojimas ir privatumo politika \u0160iame dokumente apie slapuk\u0173 naudojim\u0105 ir privatumo politik\u0105 (toliau \u2013 dokumentas) pateikiama informacija apie tai, kaip ir kod\u0117l Werkado O\u00dc renka, naudoja ir dalijasi asmens duomenimis (duomenimis). Privatumo politika paremta Bendruoju duomen\u0173 apsaugos reglamentu (BDAR). Privatumo politikos tikslas \u2013 apsaugoti klient\u0173 privatum\u0105 atsi\u017evelgiant \u012f Estijos Respublikos \u012fstatymus ir Europos S\u0105jungos [&hellip;]<\/p>\n","protected":false},"author":4,"featured_media":0,"parent":0,"menu_order":0,"comment_status":"closed","ping_status":"closed","template":"","meta":{"_acf_changed":false,"footnotes":""},"class_list":["post-2651","page","type-page","status-publish","hentry"],"acf":[],"_links":{"self":[{"href":"https:\/\/werkado.eu\/lt\/wp-json\/wp\/v2\/pages\/2651","targetHints":{"allow":["GET"]}}],"collection":[{"href":"https:\/\/werkado.eu\/lt\/wp-json\/wp\/v2\/pages"}],"about":[{"href":"https:\/\/werkado.eu\/lt\/wp-json\/wp\/v2\/types\/page"}],"author":[{"embeddable":true,"href":"https:\/\/werkado.eu\/lt\/wp-json\/wp\/v2\/users\/4"}],"replies":[{"embeddable":true,"href":"https:\/\/werkado.eu\/lt\/wp-json\/wp\/v2\/comments?post=2651"}],"version-history":[{"count":3,"href":"https:\/\/werkado.eu\/lt\/wp-json\/wp\/v2\/pages\/2651\/revisions"}],"predecessor-version":[{"id":5720,"href":"https:\/\/werkado.eu\/lt\/wp-json\/wp\/v2\/pages\/2651\/revisions\/5720"}],"wp:attachment":[{"href":"https:\/\/werkado.eu\/lt\/wp-json\/wp\/v2\/media?parent=2651"}],"curies":[{"name":"wp","href":"https:\/\/api.w.org\/{rel}","templated":true}]}}