{"id":2649,"date":"2022-12-16T11:15:05","date_gmt":"2022-12-16T09:15:05","guid":{"rendered":"https:\/\/werkado.eu\/?page_id=2649"},"modified":"2024-12-11T13:12:36","modified_gmt":"2024-12-11T11:12:36","slug":"konfidencialitates-politiku","status":"publish","type":"page","link":"https:\/\/werkado.eu\/lv\/konfidencialitates-politiku\/","title":{"rendered":"Konfidencialit\u0101tes politiku"},"content":{"rendered":"\n<div class=\"wp-block-columns is-layout-flex wp-container-core-columns-is-layout-9d6595d7 wp-block-columns-is-layout-flex\">\n<div class=\"wp-block-column is-layout-flow wp-block-column-is-layout-flow\">\n<p><strong>Pazi\u0146ojums par s\u012bkfailu izmanto\u0161anu un konfidencialit\u0101tes politiku<\/strong><\/p>\n\n\n\n<p>\u0160aj\u0101 pazi\u0146ojum\u0101 par s\u012bkdat\u0146u izmanto\u0161anu un priv\u0101tuma politiku (turpm\u0101k tekst\u0101 &#8211; pazi\u0146ojums) ir sniegta noder\u012bga inform\u0101cija par to, k\u0101 un k\u0101p\u0113c Werkado O\u00dc v\u0101c, apstr\u0101d\u0101 un kop\u012bgo personas datus (datus). Priv\u0101tuma politika ir balst\u012bta uz Visp\u0101r\u012bgo datu aizsardz\u012bbas regulu (VDAR).<\/p>\n\n\n\n<p>Priv\u0101tuma politikas m\u0113r\u0137is ir aizsarg\u0101t klientu priv\u0101tumu saska\u0146\u0101 ar Igaunijas Republikas likumdo\u0161anu un Eiropas Savien\u012bbas ties\u012bbu aktiem.<\/p>\n\n\n\n<p>&#8220;Personas dati&#8221; ir jebk\u0101da inform\u0101cija par identific\u0113tu vai identific\u0113jamu fizisku personu, piem\u0113ram, v\u0101rds, uzv\u0101rds, adrese, e-pasta adrese un inform\u0101cija par m\u016bsu vietnes, soci\u0101lo mediju kan\u0101lu apmekl\u0113jumiem un m\u016bsu pakalpojumu izmanto\u0161anu.&nbsp;<\/p>\n\n\n\n<p><strong>Izmantojot m\u016bsu vietni, j\u016bs piekr\u012btat s\u012bkfailu izmanto\u0161anai un personas datu apstr\u0101des noteikumiem, k\u0101 aprakst\u012bts m\u016bsu S\u012bkfailu izmanto\u0161anas un konfidencialit\u0101tes politik\u0101.&nbsp;<\/strong><\/p>\n\n\n\n<p>Sp\u0113k\u0101 no 01.02.2023.<\/p>\n\n\n\n<ol class=\"wp-block-list\">\n<li>K\u0101dus datus apstr\u0101d\u0101 Werkado O\u00dc?<\/li>\n<\/ol>\n\n\n\n<p>Par personas datu apstr\u0101di atbild\u012bgs ir uz\u0146\u0113mums Werkado O\u00dc. Jebk\u0101du jaut\u0101jumu gad\u012bjum\u0101, l\u016bdzu, rakstiet uz info@werkado.eu.\u00a0<\/p>\n\n\n\n<p>Werkado O\u00dc apstr\u0101d\u0101 savu klientu un kontaktpersonu datus, kuri ir izteiku\u0161i v\u0113lmi izmantot m\u016bsu pakalpojumus vai ir iepriek\u0161 izmantoju\u0161i m\u016bsu pakalpojumus.<\/p>\n\n\n\n<p>Atsevi\u0161\u0137os gad\u012bjumos m\u0113s apstr\u0101d\u0101jam personas datus, kas ir pieejami no publiskiem avotiem.<\/p>\n\n\n\n<ol start=\"2\" class=\"wp-block-list\">\n<li>Klienta personas datu (datu) apstr\u0101des m\u0113r\u0137i un juridiskais pamats.<\/li>\n<\/ol>\n\n\n\n<p>M\u0113s apstr\u0101d\u0101jam m\u016bsu m\u0101rketinga kan\u0101lu br\u012bvpr\u0101t\u012bgo lietot\u0101ju un pakalpojumu lietot\u0101ju, k\u0101 ar\u012b klientu (tostarp klientu p\u0101rst\u0101vju) personas datus, lai izpild\u012btu savas l\u012bgumsaist\u012bbas, k\u0101 ar\u012b lai potenci\u0101lajiem klientiem sniegtu kvalitat\u012bv\u0101kus pakalpojumus un inform\u0101ciju.<\/p>\n\n\n\n<p>Ja Werkado O\u00dc apstr\u0101d\u0101 personas datus \u0161iem nol\u016bkiem, apstr\u0101des juridiskais pamats ir m\u016bsu likum\u012bg\u0101s intereses nodro\u0161in\u0101t pareizu un kvalitat\u012bv\u0101ku m\u016bsu pakalpojumu snieg\u0161anu.<\/p>\n\n\n\n<p>No Werkado O\u00dc m\u0101rketinga kan\u0101liem (tostarp t\u012bmek\u013ca vietnes) m\u0113s v\u0101cam datus par to izmanto\u0161anu un potenci\u0101lo klientu interes\u0113m, lai lab\u0101k izprastu m\u016bsu klientu paties\u0101s intereses, pied\u0101v\u0101tu kvalitat\u012bv\u0101ku inform\u0101ciju un uzlabotu vietnes funkcionalit\u0101ti un lieto\u0161anas \u0113rtumu.<\/p>\n\n\n\n<p>\u0160aj\u0101 gad\u012bjum\u0101 apstr\u0101des juridiskais pamats ir m\u016bsu likum\u012bg\u0101s intereses lab\u0101k izprast m\u016bsu klientu vajadz\u012bbas un nodro\u0161in\u0101t lab\u0101kus pakalpojumus.&nbsp;<\/p>\n\n\n\n<p>Piem\u0113ram, Werkado O\u00dc apstr\u0101d\u0101 datus par klienta iepirk\u0161an\u0101s paradumiem, datus par bi\u013cetenu las\u012b\u0161anu un atv\u0113r\u0161anu, k\u0101 ar\u012b datus par rekl\u0101mu atv\u0113r\u0161anu, lai sniegtu klientam v\u0113lamos pied\u0101v\u0101jumus un saturu.<\/p>\n\n\n\n<p><strong>Werkado O\u00dc apstr\u0101d\u0101 personas datus \u0161\u0101diem nol\u016bkiem:<\/strong><\/p>\n\n\n\n<ul class=\"wp-block-list\">\n<li>Werkado O\u00dc klientu b\u0101zes izveide un p\u0101rvald\u012bba<\/li>\n\n\n\n<li>Jaunu pakalpojumu pied\u0101v\u0101\u0161ana klientiem<\/li>\n\n\n\n<li>Werkado O\u00dc pakalpojumu anal\u012bze un uzlabo\u0161ana<\/li>\n\n\n\n<li>T\u012bmek\u013ca vietnes p\u0101rvald\u012bba<\/li>\n\n\n\n<li>No ties\u012bbu aktiem izrieto\u0161o pras\u012bbu izpilde<\/li>\n\n\n\n<li>Atbild\u0113\u0161ana uz klientu piepras\u012bjumiem<\/li>\n\n\n\n<li>Akredit\u0101cijas datu un sertifik\u0101tu izsnieg\u0161ana<\/li>\n<\/ul>\n\n\n\n<ol start=\"3\" class=\"wp-block-list\">\n<li>K\u0101 tiek v\u0101kti dati<\/li>\n<\/ol>\n\n\n\n<p>Parasti m\u0113s v\u0101cam personas datus tie\u0161i no datu subjektiem un ar vi\u0146u piekri\u0161anu. Turkl\u0101t m\u0113s izmantojam autom\u0101tiskus datu v\u0101k\u0161anas r\u012bkus, tostarp s\u012bkfailus un citus izseko\u0161anas r\u012bkus, lai optimiz\u0113tu m\u016bsu t\u012bmek\u013ca vietnes lieto\u0161anas pieredzi un nodro\u0161in\u0101tu m\u016bsu klientiem lab\u0101kus pakalpojumus.<\/p>\n\n\n\n<p><strong>S\u012bkfaili un pikse\u013cu tagi un k\u0101 no tiem atbr\u012bvoties<\/strong><\/p>\n\n\n\n<p>S\u012bkfails ir neliela teksta datne, ko t\u012bmek\u013ca serveris no s\u016bta lietot\u0101ja t\u012bmek\u013ca p\u0101rl\u016bkprogrammai un kas tiek saglab\u0101ta lietot\u0101ja datora cietaj\u0101 disk\u0101. T\u0101 \u013cauj atcer\u0113ties lietot\u0101ja preferences, piem\u0113ram, fonta lielumu, sazi\u0146as valodu, inform\u0101ciju par ier\u012bci, apmekl\u0113jumu statistiku u. c.<\/p>\n\n\n\n<p>Visas t\u012bmek\u013ca p\u0101rl\u016bkprogrammas p\u0113c noklus\u0113juma ir iestat\u012btas t\u0101, lai at\u013cautu s\u012bkfailus, ta\u010du t\u012bmek\u013ca p\u0101rl\u016bkprogrammas iestat\u012bjumus parasti var main\u012bt t\u0101, lai p\u0101rl\u016bkprogramma piln\u012bb\u0101 noraid\u012btu s\u012bkfailus, blo\u0137\u0113tu tre\u0161o pu\u0161u s\u012bkfailus vai inform\u0113tu lietot\u0101ju par katru nos\u016bt\u012bto s\u012bkfailu.<\/p>\n\n\n\n<p>Pikse\u013cu tagi ir nelieli t\u012bmek\u013ca vietnes koda elementi, kas \u013cauj t\u012bmek\u013ca lap\u0101m nolas\u012bt un iestat\u012bt s\u012bkfailus. Tie aktiviz\u0113jas, kad lietot\u0101js atver e-pastu vai ierodas t\u012bmek\u013ca vietn\u0113. P\u0113c tam tiek lejupiel\u0101d\u0113tas tre\u0161o pu\u0161u s\u012bkdatnes vai tiek re\u0123istr\u0113ts, ka lietot\u0101js ir atv\u0113ris e-pastu.<\/p>\n\n\n\n<p>Werkado O\u00dc izmanto \u0161\u0101dus s\u012bkfailus:<\/p>\n\n\n\n<ul class=\"wp-block-list\">\n<li>sesijas s\u012bkfaili (pagaidu s\u012bkfaili), kuru m\u0113r\u0137is ir \u013caut izmantot pakalpojumu;<\/li>\n\n\n\n<li>past\u0101v\u012bgie s\u012bkfaili (tiek saglab\u0101ti lietot\u0101ja dator\u0101 p\u0113c t\u012bmek\u013ca p\u0101rl\u016bkprogrammas aizv\u0113r\u0161anas), kuru m\u0113r\u0137is ir atcer\u0113ties klienta izv\u0113li Werkado O\u00dc t\u012bmek\u013ca lap\u0101s.\u00a0<\/li>\n<\/ul>\n\n\n\n<p>Prec\u012bz\u0101k sakot, Werkado O\u00dc izmanto:<\/p>\n\n\n\n<ul class=\"wp-block-list\">\n<li>anal\u012btiskos s\u012bkfailus, kas apkopo inform\u0101ciju par to, k\u0101 tiek izmantota t\u012bmek\u013ca vietne. Piem\u0113ram, kuras satura lapas tiek apmekl\u0113tas visvair\u0101k vai ko apmekl\u0113t\u0101ji mekl\u0113 t\u012bmek\u013ca vietn\u0113 utt. \u0160ie s\u012bkfaili nev\u0101c inform\u0101ciju, kas \u013cautu tie\u0161i identific\u0113t vietnes lietot\u0101ju. Tas ietver, piem\u0113ram, Google Analytics un Hotjar s\u012bkfailus.<\/li>\n\n\n\n<li>rekl\u0101mas s\u012bkfailus, kas pal\u012bdz nodro\u0161in\u0101t lietot\u0101ja interes\u0113m atbilsto\u0161as rekl\u0101mas. Piem\u0113ram, lap\u0101 werkado.eu ir pievienots Facebook Pixel kods, un, ja j\u016bs vairs nev\u0113laties redz\u0113t Werkado (Werkado O\u00dc) t\u012bmek\u013ca vietnes rekl\u0101mu Facebook, varat to atsp\u0113jot. Dodieties uz https:\/\/www.facebook.com\/ads\/preferences un dz\u0113siet Werkado sada\u013c\u0101 &#8220;Rekl\u0101mdev\u0113ji, ar kuriem esmu mijiedarbojies&#8221;.<\/li>\n\n\n\n<li>tre\u0161o pu\u0161u s\u012bkfaili, piem\u0113ram, Youtube un Google Maps. Atra\u0161an\u0101s vietas karte un videoklipi netiks r\u0101d\u012bti, ja vien neesat piekritis priv\u0101tuma noteikumiem. Lai tas b\u016btu tehniski iesp\u0113jams, m\u0113s izmantojam Avada design izveidoto s\u012bkfailu &#8220;Priv\u0101tuma iegul\u0161ana&#8221;.<\/li>\n<\/ul>\n\n\n\n<p>Lietot\u0101jam ir ties\u012bbas atteikties saglab\u0101t s\u012bkfailus dator\u0101. Ja lietot\u0101js to v\u0113las, vi\u0146am ir j\u0101maina savas t\u012bmek\u013ca p\u0101rl\u016bkprogrammas iestat\u012bjumi.<\/p>\n\n\n\n<p>Nor\u0101d\u012bjumi par visbie\u017e\u0101k izmantoto t\u012bmek\u013ca p\u0101rl\u016bkprogrammu iestat\u012b\u0161anu:<\/p>\n\n\n\n<p><strong>Internet Explorer<\/strong>:&nbsp;<a href=\"http:\/\/support.microsoft.com\/kb\/278835\">http:\/\/support.microsoft.com\/kb\/278835<\/a><\/p>\n\n\n\n<p><strong>Chrome:<\/strong>&nbsp;<a href=\"https:\/\/support.google.com\/chrome\/answer\/95647?hl=en\">https:\/\/support.google.com\/chrome\/answer\/95647?hl=en<\/a><\/p>\n\n\n\n<p><strong>Firefox<\/strong>:&nbsp;<a href=\"http:\/\/support.mozilla.org\/en-US\/kb\/Clear%20Recent%20History\">http:\/\/support.mozilla.org\/en-US\/kb\/Clear%20Recent%20History<\/a><\/p>\n\n\n\n<p><strong>Opera<\/strong>:&nbsp;<a href=\"https:\/\/www.opera.com\/help\/tutorials\/security\/privacy\/\">http:\/\/www.opera.com\/browser\/tutorials\/security\/privacy<\/a><\/p>\n\n\n\n<p><strong>Safari<\/strong>:&nbsp;<a href=\"https:\/\/support.apple.com\/guide\/safari\/manage-cookies-and-website-data-sfri11471\/mac\">https:\/\/support.apple.com\/guide\/safari\/manage-cookies-and-website-data-sfri11471\/mac<\/a><\/p>\n\n\n\n<p>Blo\u0137\u0113jot s\u012bkfailus, lietot\u0101jam j\u0101\u0146em v\u0113r\u0101, ka visas t\u012bmek\u013ca vietnes funkcijas lietot\u0101jam var vairs neb\u016bt pieejamas.&nbsp;<\/p>\n\n\n\n<ol start=\"4\" class=\"wp-block-list\">\n<li>Werkado O\u00dc apstr\u0101d\u0101tie personas dati (tostarp dati)<\/li>\n<\/ol>\n\n\n\n<p><strong>Werkado O\u00dc var apstr\u0101d\u0101t \u0161\u0101dus personas datus (tostarp datus):<\/strong><\/p>\n\n\n\n<p><strong>Kontaktinform\u0101cija<\/strong> &#8211; v\u0101rds, uzv\u0101rds, e-pasta adrese un t\u0101lru\u0146a numurs<\/p>\n\n\n\n<p><strong>Dati, kas sav\u0101kti un rad\u012bti l\u012bguma izpildes laik\u0101<\/strong> &#8211; personas identifik\u0101cijas numurs, klienta v\u0113lmes attiec\u012bb\u0101 uz Werkado O\u00dc pakalpojumiem un produktiem, atsauksmes par m\u016bsu pakalpojumiem, inform\u0101cija par klienta darbu, uz\u0146\u0113m\u0113jdarb\u012bbas procesiem vai m\u0101c\u012bbu paradumiem un v\u0113lm\u0113m.<\/p>\n\n\n\n<p><strong>Autom\u0101tiski v\u0101kti dati<\/strong> &#8211; dati, kas ieg\u016bti no lietot\u0101ja t\u012bmek\u013ca p\u0101rl\u016bkprogrammas, tostarp p\u0101rl\u016bkprogrammas tips, ier\u012bces tips, sazi\u0146as valoda, t\u012bmek\u013ca vietnes adrese, no kuras lietot\u0101js ir ieradies, kuras satura lapas tika p\u0101rl\u016bkotas, k\u0101 ar\u012b lietot\u0101ja IP adrese un citi datpl\u016bsmas dati.<\/p>\n\n\n\n<p><strong>Lietot\u0101ja darb\u012bbas saist\u012bb\u0101 ar Werkado O\u00dc e-pasta v\u0113stul\u0113m<\/strong> &#8211; tostarp dati par to, kuras e-pasta v\u0113stules, kad un k\u0101 lietot\u0101js atv\u0113ra.<\/p>\n\n\n\n<p><strong>Citi personas dati<\/strong> &#8211; kurus esat publiskojis vai padar\u012bjis mums pieejamus tre\u0161o pu\u0161u soci\u0101lajos t\u012bklos, piem\u0113ram, LinkedIn, Facebook, Google Plus, Instagram u. c.<\/p>\n\n\n\n<p>Werkado O\u00dc k\u0101 p\u0101rzinis neapstr\u0101d\u0101 \u012bpa\u0161us personas datu veidus.<\/p>\n\n\n\n<ol start=\"5\" class=\"wp-block-list\">\n<li>Personas datu kop\u012bgo\u0161ana<\/li>\n<\/ol>\n\n\n\n<p>Werkado O\u00dc nenodod klientu datus \u0101rpus Eiropas (ES) ekonomisk\u0101s zonas.\u00a0<\/p>\n\n\n\n<p>Werkado O\u00dc neizpau\u017e klienta personas datus tre\u0161aj\u0101m person\u0101m, iz\u0146emot turpm\u0101k min\u0113tajos gad\u012bjumos. Visi dati tiek izmantoti tikai sazi\u0146ai un lab\u0101ka produkta vai pakalpojuma nodro\u0161in\u0101\u0161anai.<\/p>\n\n\n\n<p><strong>M\u0113s varam izpaust j\u016bsu personas datus \u0161\u0101dos gad\u012bjumos:<\/strong><\/p>\n\n\n\n<ul class=\"wp-block-list\">\n<li>m\u0101c\u012bbu materi\u0101lu nos\u016bt\u012b\u0161ana pa pastu &#8211; personas, iest\u0101des un organiz\u0101cijas, kas ir starpnieki vai sniedz pasta pakalpojumus;<\/li>\n\n\n\n<li>par\u0101du piedzi\u0146a &#8211; par\u0101du piedzi\u0146as pakalpojumu sniedz\u0113ji, saist\u012bbu neizpildes re\u0123istri;<\/li>\n\n\n\n<li>valsts uzraudz\u012bbas iest\u0101des un policija<\/li>\n\n\n\n<li>Igaunijas Bezdarba apdro\u0161in\u0101\u0161anas fonda klientu dati Bezdarba apdro\u0161in\u0101\u0161anas fonda konsultantu apm\u0101c\u012bbai<\/li>\n\n\n\n<li>publiskas atsauksmes ar klienta piekri\u0161anu<\/li>\n<\/ul>\n\n\n\n<ol start=\"6\" class=\"wp-block-list\">\n<li>Personas datu (datu) dro\u0161\u012bba, izmanto\u0161ana un glab\u0101\u0161ana<\/li>\n<\/ol>\n\n\n\n<p>Werkado O\u00dc var s\u016bt\u012bt klientiem inform\u0101ciju par saviem pakalpojumiem, produktiem, k\u0101 ar\u012b jaunumus un pied\u0101v\u0101jumus, ja klients ir sniedzis mums savu kontaktinform\u0101ciju, bet tik ilgi, kam\u0113r klients nav piepras\u012bjis p\u0101rtraukt \u0161\u012bs p\u0113d\u0113j\u0101s min\u0113t\u0101s darb\u012bbas vai izst\u0101jies no jaunumu sa\u0146\u0113m\u0113ju grupas.<\/p>\n\n\n\n<p><strong>6.1. Personas datu dro\u0161\u012bba<\/strong><\/p>\n\n\n\n<p>Dro\u0161a personas datu glab\u0101\u0161ana ir Werkado O\u00dc augst\u0101k\u0101 dro\u0161\u012bbas priorit\u0101te. M\u0113s dar\u0101m visu iesp\u0113jamo, lai nov\u0113rstu neat\u013cautu piek\u013cuvi, izpau\u0161anu un citu nelikum\u012bgu apstr\u0101di. M\u0113s aizsarg\u0101jam personas datu konfidencialit\u0101ti un integrit\u0101ti un nodro\u0161in\u0101m piek\u013cuvi datiem saska\u0146\u0101 ar sp\u0113k\u0101 eso\u0161ajiem ties\u012bbu aktiem.\u00a0<\/p>\n\n\n\n<p>M\u0113s esam ieviesu\u0161i pien\u0101c\u012bgus un atbilsto\u0161us organizatoriskos pas\u0101kumus, k\u0101 ar\u012b tehniskus un fiziskus ierobe\u017eojumus, lai aizsarg\u0101tu personas datus, kurus m\u0113s v\u0101cam un apstr\u0101d\u0101jam. Izmantotie pas\u0101kumi ir atkar\u012bgi no personas datu veida un to izpau\u0161anas iesp\u0113jam\u0101m sek\u0101m.&nbsp;<\/p>\n\n\n\n<p>Werkado O\u00dc ir \u012bstenojis nepiecie\u0161amos tehniskos, fiziskos un organizatoriskos dro\u0161\u012bbas pas\u0101kumus, lai aizsarg\u0101tu klienta personas datus (datus) no nozaud\u0113\u0161anas un nelikum\u012bgas apstr\u0101des.<\/p>\n\n\n\n<p><strong>6.2. Uzglab\u0101\u0161anas periods &#8211; cik ilgi m\u0113s glab\u0101jam personas datus?<\/strong><\/p>\n\n\n\n<p>Werkado O\u00dc personas datus glab\u0101 tikai tik ilgi, cik tas ir nepiecie\u0161ams, lai sasniegtu datu v\u0101k\u0161anas m\u0113r\u0137i. Uzglab\u0101\u0161anas periods ir atkar\u012bgs ar\u012b no nepiecie\u0161am\u012bbas atbild\u0113t uz datu subjektu piepras\u012bjumiem, risin\u0101t probl\u0113mas un izpild\u012bt likum\u0101 noteikt\u0101s dokumentu glab\u0101\u0161anas pras\u012bbas.<\/p>\n\n\n\n<p>Ja personas dati mums vairs neb\u016bs nepiecie\u0161ami un ties\u012bbu akti neparedz to saglab\u0101\u0161anu, m\u0113s \u0161os personas datus dz\u0113s\u012bsim.<\/p>\n\n\n\n<p>M\u0113s varam turpin\u0101t izmantot attiec\u012bgos datus statistikas vajadz\u012bb\u0101m, bet tikai pseidonimiz\u0113t\u0101 vai anonimiz\u0113t\u0101 veid\u0101.<\/p>\n\n\n\n<p>Ja jums rodas pat visnenoz\u012bm\u012bg\u0101kie jaut\u0101jumi, l\u016bdzu, rakstiet uz <a href=\"mailto:info@werkado.eu\">info@werkado.eu<\/a>.&nbsp;<\/p>\n\n\n\n<ol start=\"7\" class=\"wp-block-list\">\n<li>Klienta (datu subjekta) ties\u012bbas<\/li>\n<\/ol>\n\n\n\n<p>Klientam ir ties\u012bbas piek\u013c\u016bt pa\u0161a Klienta personas datiem, ko apstr\u0101d\u0101 Werkado O\u00dc, un ties\u012bbas piepras\u012bt neprec\u012bzu personas datu labo\u0161anu.<\/p>\n\n\n\n<p>Ja Klientam ir jaut\u0101jumi par vi\u0146a\/vi\u0146as ties\u012bb\u0101m vai ja vi\u0146\u0161\/vi\u0146a uzskata, ka Werkado O\u00dc ir p\u0101rk\u0101pis vi\u0146a\/vi\u0146as ties\u012bbas, apstr\u0101d\u0101jot vi\u0146a\/vi\u0146as personas datus (datus), vi\u0146am\/vi\u0146ai noteikti j\u0101sazin\u0101s ar mums pa e-pastu <a href=\"mailto:info@werkado.eu\">info@werkado.eu<\/a>.<\/p>\n\n\n\n<p>Ja nev\u0113laties sa\u0146emt m\u0101rketinga zi\u0146ojumus no Werkado O\u00dc, varat atteikties, sekojot atteik\u0161an\u0101s nor\u0101d\u012bjumiem katra m\u0101rketinga zi\u0146ojuma beig\u0101s vai sazinoties ar mums, izmantojot m\u016bsu kontaktu lapu.<\/p>\n\n\n\n<p>Datu subjekta ties\u012bbas<\/p>\n\n\n\n<p>Ties\u012bbas uz labo\u0161anu &#8211; datu subjekta ties\u012bbas piepras\u012bt, lai bez nepamatotas kav\u0113\u0161an\u0101s tiktu izlaboti nepareizi personas dati, kas uz vi\u0146u attiecas.<\/p>\n\n\n\n<p>Ties\u012bbas uz dz\u0113\u0161anu &#8211; datu subjekta ties\u012bbas piepras\u012bt, lai vi\u0146a personas dati tiktu dz\u0113sti bez nepamatotas kav\u0113\u0161an\u0101s, ja ir izpild\u012bti noteikti papildu nosac\u012bjumi.<\/p>\n\n\n\n<p>Atsevi\u0161\u0137os gad\u012bjumos datu subjektam ir ties\u012bbas ierobe\u017eot savu personas datu apstr\u0101di.<\/p>\n\n\n\n<p>Datu subjektam ir ties\u012bbas iepaz\u012bties ar personas datiem, kurus m\u0113s par vi\u0146u glab\u0101jam un kurus vi\u0146\u0161 mums ir sniedzis, k\u0101 ar\u012b ties\u012bbas p\u0101rs\u016bt\u012bt \u0161os datus citam atbild\u012bgajam datu apstr\u0101d\u0101t\u0101jam, ja tas ir tehniski iesp\u0113jams un apstr\u0101de ir balst\u012bta uz piekri\u0161anu vai l\u012bgumu un ir automatiz\u0113ta.<\/p>\n\n\n\n<p>Datu subjektam ir ties\u012bbas, pamatojoties uz savu konkr\u0113to situ\u0101ciju, jebkur\u0101 laik\u0101 iebilst pret savu personas datu apstr\u0101di, kas tiek veikta, pamatojoties uz attiec\u012bgajiem ties\u012bbu aktu noteikumiem, tostarp profila anal\u012bzi, kas veikta, pamatojoties uz \u0161iem noteikumiem.<\/p>\n\n\n\n<p>Ja vien ties\u012bbu aktos nav noteikts cit\u0101di, datu subjektam ir ties\u012bbas nepie\u013caut, ka par vi\u0146u tiek pie\u0146emts l\u0113mums, kas balst\u012bts tikai uz automatiz\u0113tu apstr\u0101di, tostarp profil\u0113\u0161anu, kas datu subjektam rada tiesiskas sekas vai b\u016btiski ietekm\u0113 vi\u0146u.<\/p>\n\n\n\n<p>Ja personas datu apstr\u0101des pamat\u0101 ir datu subjekta piekri\u0161ana, datu subjektam ir ties\u012bbas jebkur\u0101 laik\u0101 atsaukt \u0161o piekri\u0161anu, neietekm\u0113jot apstr\u0101des likum\u012bbu, kas balst\u012bta uz piekri\u0161anu pirms atsauk\u0161anas.<\/p>\n\n\n\n<p>Ja v\u0113laties izmantot \u0161\u012bs ties\u012bbas, l\u016bdzu, sazinieties ar mums.<\/p>\n\n\n\n<p>Ja Werkado O\u00dc pied\u0101v\u0101tais risin\u0101jums j\u016bs neapmierina, jums ir ties\u012bbas v\u0113rsties Igaunijas Republikas Datu aizsardz\u012bbas inspekcij\u0101 un ties\u0101.<\/p>\n\n\n\n<ol start=\"8\" class=\"wp-block-list\">\n<li>Citi noteikumi<\/li>\n<\/ol>\n\n\n\n<p>Werkado O\u00dc patur ties\u012bbas vienpus\u0113ji main\u012bt s\u012bkdat\u0146u izmanto\u0161anu un priv\u0101tuma politiku. S\u012bkdat\u0146u izmanto\u0161anas un priv\u0101tuma politikas jaun\u0101k\u0101 versija vienm\u0113r ir pieejama \u0161aj\u0101 t\u012bmek\u013ca vietn\u0113.<\/p>\n\n\n\n<p>Uz \u0161o s\u012bkfailu izmanto\u0161anu un priv\u0101tuma politiku attiecas Igaunijas Republikas ties\u012bbu akti. Str\u012bdi vai pras\u012bbas, kas izriet no \u0161\u012bs politikas, tiek risin\u0101ti Harju apgabalties\u0101.<\/p>\n<\/div>\n<\/div>\n","protected":false},"excerpt":{"rendered":"<p>Pazi\u0146ojums par s\u012bkfailu izmanto\u0161anu un konfidencialit\u0101tes politiku \u0160aj\u0101 pazi\u0146ojum\u0101 par s\u012bkdat\u0146u izmanto\u0161anu un priv\u0101tuma politiku (turpm\u0101k tekst\u0101 &#8211; pazi\u0146ojums) ir sniegta noder\u012bga inform\u0101cija par to, k\u0101 un k\u0101p\u0113c Werkado O\u00dc v\u0101c, apstr\u0101d\u0101 un kop\u012bgo personas datus (datus). Priv\u0101tuma politika ir balst\u012bta uz Visp\u0101r\u012bgo datu aizsardz\u012bbas regulu (VDAR). Priv\u0101tuma politikas m\u0113r\u0137is ir aizsarg\u0101t klientu priv\u0101tumu saska\u0146\u0101 [&hellip;]<\/p>\n","protected":false},"author":4,"featured_media":0,"parent":0,"menu_order":0,"comment_status":"closed","ping_status":"closed","template":"","meta":{"_acf_changed":false,"footnotes":""},"class_list":["post-2649","page","type-page","status-publish","hentry"],"acf":[],"_links":{"self":[{"href":"https:\/\/werkado.eu\/lv\/wp-json\/wp\/v2\/pages\/2649","targetHints":{"allow":["GET"]}}],"collection":[{"href":"https:\/\/werkado.eu\/lv\/wp-json\/wp\/v2\/pages"}],"about":[{"href":"https:\/\/werkado.eu\/lv\/wp-json\/wp\/v2\/types\/page"}],"author":[{"embeddable":true,"href":"https:\/\/werkado.eu\/lv\/wp-json\/wp\/v2\/users\/4"}],"replies":[{"embeddable":true,"href":"https:\/\/werkado.eu\/lv\/wp-json\/wp\/v2\/comments?post=2649"}],"version-history":[{"count":3,"href":"https:\/\/werkado.eu\/lv\/wp-json\/wp\/v2\/pages\/2649\/revisions"}],"predecessor-version":[{"id":5719,"href":"https:\/\/werkado.eu\/lv\/wp-json\/wp\/v2\/pages\/2649\/revisions\/5719"}],"wp:attachment":[{"href":"https:\/\/werkado.eu\/lv\/wp-json\/wp\/v2\/media?parent=2649"}],"curies":[{"name":"wp","href":"https:\/\/api.w.org\/{rel}","templated":true}]}}